{"id":1878,"date":"2013-09-22T20:44:44","date_gmt":"2013-09-22T18:44:44","guid":{"rendered":"http:\/\/graduats.wordpress.com\/?page_id=1878"},"modified":"2013-09-22T20:44:44","modified_gmt":"2013-09-22T18:44:44","slug":"curso-2013-2014","status":"publish","type":"page","link":"http:\/\/www.graduats.org\/wordpress\/otros-cursos-2\/curso-2013-2014\/","title":{"rendered":"Curso 2013-2014"},"content":{"rendered":"<pre><\/pre>\n<p><span style=\"font-size:1.5em;\">Asamblea de inicio de curso<\/span> Domingo 22 de septiembre de 2013 en La Vallesa. Algunos equipos utilizar\u00e1n\u00a0<a title=\"IDR 4 Ser\u00e9is mis testigos\" href=\"https:\/\/www.dropbox.com\/s\/ojzlev7jn90v3zc\/IDR%204%20Sereis%20mis%20testigos.pdf\" target=\"_blank\">IDR 4 \u00abSer\u00e9is mis testigos\u00bb<\/a>\u00a0como apoyo para las reuniones de Revisi\u00f3n de Vida.<\/p>\n<pre><\/pre>\n<p><span style=\"font-size:1.5em;\">Retiro de Navidad<\/span><br \/>\nColegio del Patriarca, 22 de diciembre a las 11.00 h.<\/p>\n<pre><\/pre>\n<p><span style=\"font-size:1.5em;\">Jornadas de Reflexi\u00f3n<\/span> La Barraca de Aig\u00fces Vives. 29 y 30 de marzo de 2014. <a href=\"http:\/\/graduats.files.wordpress.com\/2014\/05\/materialesejercicios2014.pdf\" target=\"_blank\">Materiales para los ejercicios.<\/a> <a href=\"http:\/\/graduats.files.wordpress.com\/2014\/05\/hannah_arendt_de_la_obediencia_a_la_responsabilidad-2.pdf\" target=\"_blank\">Hanna Arendt: de la obediencia a la responsabilidad. Tom\u00e1s Domingo Moratalla<\/a><\/p>\n<pre><\/pre>\n<p><span style=\"font-size:1.5em;\">Seminario de formaci\u00f3n: <\/span>La iglesia del siglo XXI: <strong>La misericordia. Clave del Evangelio y de la vida cristiana.<\/strong><\/p>\n<p>El seminario de formaci\u00f3n de este a\u00f1o se basa en un texto del te\u00f3logo Walter Kasper titulado: <em>La misericordia. Clave del Evangelio y de la vida cristiana, <\/em>editorial Sal Terrae, Santander, 2012.<\/p>\n<p>Las 4 sesiones del seminario se corresponden con otros tantos cap\u00edtulos del libro. La programaci\u00f3n ha quedado as\u00ed:<\/p>\n<p>1\u00aa sesi\u00f3n: <strong>El mensaje jesu\u00e1nico de la misericordia divina<\/strong><br \/>\nDirige la sesi\u00f3n Mariano Ruiz. 30 de noviembre de 2013. <a href=\"http:\/\/graduats.wordpress.com\/2013\/12\/02\/seminario-de-formacion-1a-sesion\/\" target=\"_blank\">Texto<\/a><\/p>\n<p>2\u00aa sesi\u00f3n: <strong>Bienaventurados los misericordiosos<\/strong><br \/>\n\u00c1ngel P\u00e9ris. 25 de enero de 2014.<\/p>\n<p>3\u00aa sesi\u00f3n: <strong>La iglesia, sujeta a la medida de la misericordia<\/strong><br \/>\nJulia Navarro. 1 de marzo de 2014. <a href=\"http:\/\/graduats.files.wordpress.com\/2014\/03\/2la-iglesia-sujeta-a-la-medida-de-la-25-02-formato.ppt\" target=\"_blank\">Presentaci\u00f3n<\/a>. <a href=\"http:\/\/graduats.files.wordpress.com\/2013\/10\/xerrada-redactada-final.doc\" target=\"_blank\">Texto<\/a>.<\/p>\n<p>4\u00aa sesi\u00f3n: <strong>Para una cultura de la misericordia<\/strong><br \/>\nJuan Jos\u00e9 Garrido y Jorge Correa. 12 de abril de 2014. <a href=\"http:\/\/graduats.files.wordpress.com\/2014\/05\/sesion4culturamisericordia1.pdf\" target=\"_blank\">Texto.<\/a><\/p>\n<p>&nbsp;<\/p>\n<p><span style=\"font-size:1.5em;\">Profesionales Cristianos<\/span> Adjunt vos tramet la \u201ctasca\u201d que proposa el moviment estatal de cara a aquest\u00a0primer trimestre. Es tractaria\u00a0de contestar les preguntes del\u00a0\u201cCuestionario para el Ver\u201d, tant les preguntes de la Paraula com les de l\u2019Eucaristia. En relaci\u00f3 a les dues pon\u00e8ncies (\u201cEspiritualidad Militante\u201d y \u201cEucarist\u00eda\u201d) que Llum Del\u00e1s ens va fer a la Sessi\u00f3 d\u2019Estudis, hem elaborat unes preguntes que ens poden ajudar en el \u201cveure\u201d. Tamb\u00e9 vos adjunt una s\u00e8rie de textos, incloses les pon\u00e8ncies de Llum Del\u00e0s, que podem anar llegint i que ens podran ajudar de cara al jutjar, que durem a terme en el segon trimestre. Encara hi haur\u00e0 m\u00e9s documents, segurament farem una carpeta a\u00a0<a href=\"http:\/\/www.profesionalescristianos.com\/\" target=\"_blank\">la plana web de PX<\/a>, per\u00f2 ja tindreu aquests per si voleu anar llegint. De moment, una abra\u00e7ada ben forta a tots i bona feina! Rosa <a style=\"line-height:1.5;\" title=\"Materiales Primer Trimestre\" href=\"http:\/\/graduats.files.wordpress.com\/2013\/11\/materialespxoctubre2013.pdf\" target=\"_blank\">Los documentos mencionados pueden verse aqu\u00ed<\/a><\/p>\n<pre><\/pre>\n<p><span style=\"font-size:1.5em;\">Asamblea de fin de curso<\/span><\/p>\n<p>La Vallesa, 29 de junio de 2014<\/p>\n<p><span style=\"color:#ff0000;\">11.00.- Oraci\u00f3n<\/span><br \/>\nDebajo de la piel, muy dentro, en lo profundo, arde un fuego poderoso.<br \/>\nLa fuerza de Dios late, discreta, en el pozo de los anhelos y los sue\u00f1os. A veces asoma, y es palabra humilde, caricia, gesto de amor, mirada humana, alegre bullicio, silencio reconciliado. Brillan m\u00e1s los ojos, un fulgor distinto colorea el rostro, se entonan melod\u00edas vivaces, ese canturreo crece, contagia a muchos, y por un instante de comuni\u00f3n nace un clamor de j\u00fabilo.<br \/>\nSe est\u00e1 bien aqu\u00ed. Menos uno, y m\u00e1s nosotros. Luego se impone la vida con sus rutinas.<br \/>\nPero sabemos que debajo de la piel, muy dentro, en lo profundo, late Dios.<\/p>\n<p>Salmo 102, El Se\u00f1or es compasivo y misericordioso.<\/p>\n<p>Bendice, alma m\u00eda, al Se\u00f1or,<br \/>\ny todo mi ser a su santo nombre.<br \/>\nBendice, alma m\u00eda, al Se\u00f1or,<\/p>\n<p>y no olvides sus beneficios.<br \/>\n\u00c9l perdona todas tus culpas,<br \/>\ny cura todas tus enfermedades;<br \/>\n\u00e9l rescata tu vida de la fosa,<br \/>\ny te colma de gracia y de ternura.<\/p>\n<p>No est\u00e1 siempre acusando,<br \/>\nni guarda rencor perpetuo;<br \/>\nno nos trata como merecen nuestros pecados,<br \/>\nni nos paga seg\u00fan nuestras culpas.<\/p>\n<p>Como un padre cari\u00f1oso con sus hijos,<br \/>\nas\u00ed es cari\u00f1oso el Se\u00f1or con sus fieles;<br \/>\n\u00c9l conoce de qu\u00e9 estamos hechos,<br \/>\nsabe muy bien que no somos m\u00e1s que polvo.<\/p>\n<p>Como se levanta el cielo sobre la tierra,<br \/>\nse levanta su bondad sobre sus fieles;<br \/>\ncomo dista el oriente del ocaso,<br \/>\nas\u00ed aleja de nosotros nuestros delitos.<\/p>\n<p>Padre Nuestro.<\/p>\n<p><span style=\"color:#ff0000;\">11.15.- Reuni\u00f3n por grupos<\/span><br \/>\n1.- \u00bfC\u00f3mo est\u00e1 viviendo el equipo este momento hist\u00f3rico de la Iglesia?<br \/>\n2.- \u00bfQu\u00e9 retos se nos plantean desde las sugerencias que va proponiendo el Papa Francisco en su exhortaci\u00f3n respecto a nuestra identidad cristiana y nuestra misi\u00f3n evangelizadora?<br \/>\n3.- \u00bfQu\u00e9 necesitamos cambiar, como grupo, para ser fieles a nuestra identidad y misi\u00f3n en la Iglesia, para ser fermento evang\u00e9lico en la sociedad?<br \/>\n<span style=\"color:#ff0000;\">12.30.- Puesta en com\u00fan<\/span><br \/>\nInformaci\u00f3n sobre la asamblea de profesionales cristianos.<\/p>\n<p><span style=\"color:#ff0000;\">13.30.- Eucarist\u00eda.<\/span><\/p>\n<p><strong>Canto inicial,<\/strong><br \/>\nMane nobiscum, Domine Iesu Christe<br \/>\n(Qu\u00e9date con nosotros, Se\u00f1or Jesucristo)<\/p>\n<p><strong>Monici\u00f3n de entrada:<\/strong><br \/>\nSe\u00f1or, somos profesionales cristianos que queremos responder a lo que nos pide el Evangelio y la Iglesia: ser levadura en medio de nuestro mundo, testigos de la transformaci\u00f3n de las realidades colectivas y palabra evangelizadora. En nuestros grupos de revisi\u00f3n de vida, en nuestros seminarios, retiros, y en uni\u00f3n con otros grupos cristianos, nos sentimos llamados a ser voz de Iglesia que va descubriendo el paso de Dios por la vida de cada d\u00eda. En esta eucarist\u00eda te damos gracias por haber confiado un a\u00f1o m\u00e1s en nosotros, a pesar de tantas debilidades y limitaciones. Se\u00f1or, somos tus manos y estamos en tus manos.<\/p>\n<p><strong>Acto penitencial<\/strong>:\u00a0 Se\u00f1or, yo sufro con la Iglesia\u2026<\/p>\n<p>Cuando la escucho hablar un lenguaje que no entienden los hombres de hoy<br \/>\nTe pedimos perd\u00f3n, Se\u00f1or.<br \/>\nCuando la veo fastuosa en sus ritos, que no dicen nada de la vida real ni remiten a ella<br \/>\nTe pedimos perd\u00f3n, Se\u00f1or.<br \/>\nCuando la veo dividida entre jerarqu\u00eda y pueblo, negando la fraternidad que a todos nos hace iguales ante el Padre<br \/>\nTe pedimos perd\u00f3n, Se\u00f1or.<br \/>\nCuando la veo acercarse a los despose\u00eddos de la tierra para dar migajas, en lugar de darles la conciencia de su propia dignidad y el protagonismo de su propia liberaci\u00f3n<br \/>\nTe pedimos perd\u00f3n, Se\u00f1or.<br \/>\nCuando la veo m\u00e1s preocupada de su imagen social que de crear el clima favorable para que los hombres puedan acceder a la experiencia de Dios en sus propias vidas<br \/>\nTe pedimos perd\u00f3n, Se\u00f1or.<br \/>\nCuando la veo marginar a aquellos de sus hijos que mayor empe\u00f1o han puesto en abrir caminos nuevos a la comprensi\u00f3n de la Palabra.<br \/>\nTe pedimos perd\u00f3n, Se\u00f1or.<\/p>\n<p><strong>Lecturas<\/strong><\/p>\n<p><strong>Lectura del libro de los Hechos de los ap\u00f3stoles (12,1-11)<\/strong><br \/>\nEn aquellos d\u00edas, el rey Herodes se puso a perseguir a algunos miembros de la Iglesia. Hizo pasar a cuchillo a Santiago, hermano de Juan. Al ver que esto agradaba a los jud\u00edos, decidi\u00f3 detener a Pedro. Era la semana de Pascua. Mand\u00f3 prenderlo y meterlo en la c\u00e1rcel, encargando su custodia a cuatro piquetes de cuatro soldados cada uno; ten\u00eda intenci\u00f3n de presentarlo al pueblo pasadas las fiestas de Pascua. Mientras Pedro estaba en la c\u00e1rcel bien custodiado, la Iglesia oraba insistentemente a Dios por \u00e9l.<br \/>\nLa noche antes de que lo sacara Herodes, estaba Pedro durmiendo entre dos soldados, atado con cadenas. Los centinelas hac\u00edan guardia a la puerta de la c\u00e1rcel. De repente, se present\u00f3 el \u00e1ngel del Se\u00f1or y se ilumin\u00f3 la celda.<br \/>\nToc\u00f3 a Pedro en el hombro, lo despert\u00f3 y le dijo: \u00abDate prisa, lev\u00e1ntate.\u00bb<br \/>\nLas cadenas se le cayeron de las manos y el \u00e1ngel a\u00f1adi\u00f3: \u00abPonte el cintur\u00f3n y las sandalias.\u00bb<br \/>\nObedeci\u00f3 y el \u00e1ngel le dijo: \u00ab\u00c9chate el manto y s\u00edgueme.\u00bb<br \/>\nPedro sali\u00f3 detr\u00e1s, creyendo que lo que hac\u00eda el \u00e1ngel era una visi\u00f3n y no realidad. Atravesaron la primera y la segunda guardia, llegaron al port\u00f3n de hierro que daba a la calle, y se abri\u00f3 solo. Salieron, y al final de la calle se march\u00f3 el \u00e1ngel.<br \/>\nPedro recapacit\u00f3 y dijo: \u00abPues era verdad: el Se\u00f1or ha enviado a su \u00e1ngel para librarme de las manos de Herodes y de la expectaci\u00f3n de los jud\u00edos.\u00bb<\/p>\n<p><strong>Salmo 33<\/strong><\/p>\n<p>R\/. El Se\u00f1or me libr\u00f3 de todas mis ansias<\/p>\n<p>Bendigo al Se\u00f1or en todo momento,<br \/>\nsu alabanza est\u00e1 siempre en mi boca;<br \/>\nmi alma se glor\u00eda en el Se\u00f1or:<br \/>\nque los humildes lo escuchen y se alegren. R\/.<\/p>\n<p>Proclamad conmigo la grandeza del Se\u00f1or,<br \/>\nensalcemos juntos su nombre.<br \/>\nYo consult\u00e9 al Se\u00f1or, y me respondi\u00f3,<br \/>\nme libr\u00f3 de todas mis ansias. R\/.<\/p>\n<p>Contempladlo, y quedar\u00e9is radiantes,<br \/>\nvuestro rostro no se avergonzar\u00e1.<br \/>\nSi el afligido invoca al Se\u00f1or,<br \/>\n\u00e9l lo escucha y lo salva de sus angustias. R\/.<\/p>\n<p>El \u00e1ngel del Se\u00f1or acampa<br \/>\nen torno a sus fieles y los protege.<br \/>\nGustad y ved qu\u00e9 bueno es el Se\u00f1or,<br \/>\ndichoso el que se acoge a \u00e9l. R\/.<\/p>\n<p><strong>Lectura de la segunda carta del ap\u00f3stol san Pablo a Timoteo (4,6-8.17-18):<\/strong><br \/>\nYo estoy a punto de ser sacrificado y el momento de mi partida es inminente. He combatido bien mi combate, he corrido hasta la meta, he mantenido la fe. Ahora me aguarda la corona merecida, con la que el Se\u00f1or, juez justo, me premiar\u00e1 en aquel d\u00eda; y no s\u00f3lo a m\u00ed, sino a todos los que tienen amor a su venida. El Se\u00f1or me ayud\u00f3 y me dio fuerzas para anunciar \u00edntegro el mensaje, de modo que lo oyeran todos los gentiles. \u00c9l me libr\u00f3 de la boca del le\u00f3n. El Se\u00f1or seguir\u00e1 libr\u00e1ndome de todo mal, me salvar\u00e1 y me llevar\u00e1 a su reino del cielo. A \u00e9l la gloria por los siglos de los siglos. Am\u00e9n.<\/p>\n<p><strong>Lectura del santo evangelio seg\u00fan san Mateo (16,13-19):<\/strong><br \/>\nEn aquel tiempo, al llegar a la regi\u00f3n de Cesarea de Filipo, Jes\u00fas pregunt\u00f3 a sus disc\u00edpulos: \u00ab\u00bfQui\u00e9n dice la gente que es el Hijo del hombre?\u00bb<br \/>\nEllos contestaron: \u00abUnos que Juan Bautista, otros que El\u00edas, otros que Jerem\u00edas o uno de los profetas.\u00bb<br \/>\n\u00c9l les pregunt\u00f3: \u00abY vosotros, \u00bfqui\u00e9n dec\u00eds que soy yo?\u00bb<br \/>\nSim\u00f3n Pedro tom\u00f3 la palabra y dijo: \u00abT\u00fa eres el Mes\u00edas, el Hijo de Dios vivo.\u00bb<br \/>\nJes\u00fas le respondi\u00f3: \u00ab\u00a1Dichoso t\u00fa, Sim\u00f3n, hijo de Jon\u00e1s! porque eso no te lo ha revelado nadie de carne y hueso, sino mi Padre que est\u00e1 en el cielo. Ahora te digo yo: t\u00fa eres Pedro, y sobre esta piedra edificar\u00e9 mi Iglesia, y el poder del infierno no la derrotar\u00e1. Te dar\u00e9 las llaves del reino de los cielos; lo que ates en la tierra quedar\u00e1 atado en el cielo, y lo que desates en la tierra quedar\u00e1 desatado en el cielo.\u00bb<\/p>\n<p><strong>Preces<\/strong>: Se\u00f1or te pedimos por la Iglesia \u2026<\/p>\n<p>Para que se parezca cada vez m\u00e1s a Jesucristo y cada vez menos a una organizaci\u00f3n de poder. Te rogamos, \u00f3yenos.<br \/>\nPara que viva m\u00e1s explicitamente su condici\u00f3n de pueblo peregrino y aparezca ante el mundo como servidora de la vida.\u00a0 Te rogamos, \u00f3yenos.<br \/>\nPara que aliente en sus hijos la audacia que busca caminos nuevos, sin rehuir el riesgo y el estar a la intemperie.\u00a0 Te rogamos, \u00f3yenos.<br \/>\nPara que sepa dialogar con todos y no se crea nunca poseedora de toda ni de la \u00fanica verdad.\u00a0 Te rogamos, \u00f3yenos.<br \/>\nPara que acepte ser en medio del mundo hermana y servidora antes que maestra y se\u00f1ora.\u00a0 Te rogamos, \u00f3yenos.<br \/>\nPara que admita en su interior el pluralismo y el di\u00e1logo sin poner trabas al esp\u00edritu que habla siempre la lengua de los insatisfechos.\u00a0 Te rogamos, \u00f3yenos.<br \/>\nPara que reconozca y proclame que Dios es m\u00e1s grande y nosotros con ella instrumento fr\u00e1gil de Dios.\u00a0 Te rogamos, \u00f3yenos.<br \/>\nPara que ame su propia vulnerabilidad, consciente de que en la debilidad act\u00faa un dios que salva gratuitamente.\u00a0 Te rogamos, \u00f3yenos.<br \/>\nPara que su rostro sea la Misericordia, aunque por ello lo tenga que mostrar afeado por la corona de espinas, la sangre y los salivazos.\u00a0 Te rogamos, \u00f3yenos.<br \/>\nPara que su lema sea: Conviene que \u00c9l crezca y que yo disminuya.\u00a0 Te rogamos, \u00f3yenos.<\/p>\n<p><strong>Canto de Comuni\u00f3n<\/strong><br \/>\nNada te turbe, nada te espante. Quien a Dios tiene, nada le falta.<br \/>\nNada te turbe, nada te espante. Solo Dios basta.<\/p>\n<p><strong>Acci\u00f3n de Gracias<\/strong>: Te damos gracias, Se\u00f1or, porque hemos recibido de la Iglesia\u2026<\/p>\n<p>La fe en Jesucristo, que ella ha conservado y transmitido en los siglos.<br \/>\nLos signos crecientes del Reino que ella celebra en la vida bajo la fuerza renovadora del Esp\u00edritu.<br \/>\nEl testimonio de tantos hijos suyos que encarnan el Amor del Padre en su predilecci\u00f3n por los \u00faltimos.<br \/>\nSu ser en camino que nos invita a no detenernos en ning\u00fan logro hasta llegar a los Cielos Nuevos y la Tierra Nueva habitados por la justicia.<br \/>\nLa experiencia de universalidad que nos invade cada vez que decimos \u201cTomad y comed, esto es mi cuerpo. Tomad y bebed, este es el c\u00e1liz de mi sangre, derramada por vosotros y por todos los hombres\u201d<br \/>\nEl tener hermanos m\u00e1s all\u00e1 de la carne y la sangre, m\u00e1s all\u00e1 de los aciertos y errores que definen la existencia.<br \/>\nLa Palabra viva que el Esp\u00edritu pone en medio de la asamblea y nos ense\u00f1a a leer y seguir el paso liberador de Dios por la historia de los hombres.<br \/>\nTe damos gracias, Se\u00f1or.<\/p>\n<p><strong>Canto de despedida<\/strong>. Magnificat, magnificat, anima mea dominun<\/p>\n","protected":false},"excerpt":{"rendered":"<p>Asamblea de inicio de curso Domingo 22 de septiembre de 2013 en La Vallesa. Algunos equipos utilizar\u00e1n\u00a0IDR 4 \u00abSer\u00e9is mis testigos\u00bb\u00a0como apoyo para las reuniones de Revisi\u00f3n de Vida. Retiro de Navidad Colegio del Patriarca, 22 de diciembre a las 11.00 h. Jornadas de Reflexi\u00f3n La Barraca de Aig\u00fces Vives. 29 y 30 de marzo [&hellip;]<\/p>\n","protected":false},"author":2,"featured_media":0,"parent":537,"menu_order":0,"comment_status":"open","ping_status":"open","template":"","meta":{"footnotes":""},"class_list":["post-1878","page","type-page","status-publish","hentry"],"_links":{"self":[{"href":"http:\/\/www.graduats.org\/wordpress\/wp-json\/wp\/v2\/pages\/1878","targetHints":{"allow":["GET"]}}],"collection":[{"href":"http:\/\/www.graduats.org\/wordpress\/wp-json\/wp\/v2\/pages"}],"about":[{"href":"http:\/\/www.graduats.org\/wordpress\/wp-json\/wp\/v2\/types\/page"}],"author":[{"embeddable":true,"href":"http:\/\/www.graduats.org\/wordpress\/wp-json\/wp\/v2\/users\/2"}],"replies":[{"embeddable":true,"href":"http:\/\/www.graduats.org\/wordpress\/wp-json\/wp\/v2\/comments?post=1878"}],"version-history":[{"count":0,"href":"http:\/\/www.graduats.org\/wordpress\/wp-json\/wp\/v2\/pages\/1878\/revisions"}],"up":[{"embeddable":true,"href":"http:\/\/www.graduats.org\/wordpress\/wp-json\/wp\/v2\/pages\/537"}],"wp:attachment":[{"href":"http:\/\/www.graduats.org\/wordpress\/wp-json\/wp\/v2\/media?parent=1878"}],"curies":[{"name":"wp","href":"https:\/\/api.w.org\/{rel}","templated":true}]}}